{"id":4849,"date":"2023-08-28T13:30:42","date_gmt":"2023-08-28T11:30:42","guid":{"rendered":"https:\/\/latamred.com\/ictforumcostarica23\/?page_id=4849"},"modified":"2023-11-06T22:07:09","modified_gmt":"2023-11-06T21:07:09","slug":"registro","status":"publish","type":"page","link":"https:\/\/latamred.com\/ictforumcostarica23\/registro\/","title":{"rendered":"Registro"},"content":{"rendered":"\t\t<div data-elementor-type=\"wp-page\" data-elementor-id=\"4849\" class=\"elementor elementor-4849\">\n\t\t\t\t\t\t\t\t\t<section class=\"elementor-section elementor-top-section elementor-element elementor-element-3ff9e30 elementor-section-stretched elementor-section-boxed elementor-section-height-default elementor-section-height-default\" data-id=\"3ff9e30\" data-element_type=\"section\" data-settings=\"{&quot;background_background&quot;:&quot;classic&quot;,&quot;stretch_section&quot;:&quot;section-stretched&quot;}\">\n\t\t\t\t\t\t\t<div class=\"elementor-background-overlay\"><\/div>\n\t\t\t\t\t\t\t<div class=\"elementor-container elementor-column-gap-default\">\n\t\t\t\t\t<div class=\"elementor-column elementor-col-100 elementor-top-column elementor-element elementor-element-5a64cfb\" data-id=\"5a64cfb\" data-element_type=\"column\">\n\t\t\t<div class=\"elementor-widget-wrap elementor-element-populated\">\n\t\t\t\t\t\t\t\t<div class=\"elementor-element elementor-element-152ecc6 elementor-widget elementor-widget-text-editor\" data-id=\"152ecc6\" data-element_type=\"widget\" data-widget_type=\"text-editor.default\">\n\t\t\t\t<div class=\"elementor-widget-container\">\n\t\t\t<style>\/*! elementor - v3.16.0 - 20-09-2023 *\/\n.elementor-widget-text-editor.elementor-drop-cap-view-stacked .elementor-drop-cap{background-color:#69727d;color:#fff}.elementor-widget-text-editor.elementor-drop-cap-view-framed .elementor-drop-cap{color:#69727d;border:3px solid;background-color:transparent}.elementor-widget-text-editor:not(.elementor-drop-cap-view-default) .elementor-drop-cap{margin-top:8px}.elementor-widget-text-editor:not(.elementor-drop-cap-view-default) .elementor-drop-cap-letter{width:1em;height:1em}.elementor-widget-text-editor .elementor-drop-cap{float:left;text-align:center;line-height:1;font-size:50px}.elementor-widget-text-editor .elementor-drop-cap-letter{display:inline-block}<\/style>\t\t\t\t<p><strong>Latam Red<\/strong>, tendr\u00e1 el privilegio de poder presentar a todos los asistentes con el aval de <strong>BICSI<\/strong> los \u00faltimos desarrollos de la industria y las \u00faltimas tendencias en <strong>Tecnolog\u00edas de Informaci\u00f3n y Comunicaciones (TICs) para Latinom\u00e9rica.<\/strong><\/p>\t\t\t\t\t\t<\/div>\n\t\t\t\t<\/div>\n\t\t\t\t<div class=\"elementor-element elementor-element-4bd15fa elementor-hidden-desktop elementor-hidden-tablet elementor-hidden-mobile elementor-widget elementor-widget-heading\" data-id=\"4bd15fa\" data-element_type=\"widget\" data-widget_type=\"heading.default\">\n\t\t\t\t<div class=\"elementor-widget-container\">\n\t\t\t<style>\/*! elementor - v3.16.0 - 20-09-2023 *\/\n.elementor-heading-title{padding:0;margin:0;line-height:1}.elementor-widget-heading .elementor-heading-title[class*=elementor-size-]>a{color:inherit;font-size:inherit;line-height:inherit}.elementor-widget-heading .elementor-heading-title.elementor-size-small{font-size:15px}.elementor-widget-heading .elementor-heading-title.elementor-size-medium{font-size:19px}.elementor-widget-heading .elementor-heading-title.elementor-size-large{font-size:29px}.elementor-widget-heading .elementor-heading-title.elementor-size-xl{font-size:39px}.elementor-widget-heading .elementor-heading-title.elementor-size-xxl{font-size:59px}<\/style><h3 class=\"elementor-heading-title elementor-size-default\">Complete los siguientes campos para continuar con su registro:<\/h3>\t\t<\/div>\n\t\t\t\t<\/div>\n\t\t\t\t\t<\/div>\n\t\t<\/div>\n\t\t\t\t\t\t\t<\/div>\n\t\t<\/section>\n\t\t\t\t<section class=\"elementor-section elementor-top-section elementor-element elementor-element-1e27d63 elementor-section-boxed elementor-section-height-default elementor-section-height-default\" data-id=\"1e27d63\" data-element_type=\"section\" data-settings=\"{&quot;background_background&quot;:&quot;classic&quot;}\">\n\t\t\t\t\t\t<div class=\"elementor-container elementor-column-gap-default\">\n\t\t\t\t\t<div class=\"elementor-column elementor-col-50 elementor-top-column elementor-element elementor-element-b6d03c1 elementor-hidden-mobile\" data-id=\"b6d03c1\" data-element_type=\"column\">\n\t\t\t<div class=\"elementor-widget-wrap elementor-element-populated\">\n\t\t\t\t\t\t\t\t<div class=\"elementor-element elementor-element-545b4fe elementor-widget elementor-widget-image\" data-id=\"545b4fe\" data-element_type=\"widget\" data-widget_type=\"image.default\">\n\t\t\t\t<div class=\"elementor-widget-container\">\n\t\t\t<style>\/*! elementor - v3.16.0 - 20-09-2023 *\/\n.elementor-widget-image{text-align:center}.elementor-widget-image a{display:inline-block}.elementor-widget-image a img[src$=\".svg\"]{width:48px}.elementor-widget-image img{vertical-align:middle;display:inline-block}<\/style>\t\t\t\t\t\t\t\t\t\t\t\t<img decoding=\"async\" loading=\"lazy\" width=\"800\" height=\"600\" src=\"https:\/\/latamred.com\/ictforumcostarica23\/wp-content\/uploads\/2023\/08\/ict-forum-costa-rica-9.jpg\" class=\"attachment-large size-large wp-image-5159\" alt=\"\" srcset=\"https:\/\/latamred.com\/ictforumcostarica23\/wp-content\/uploads\/2023\/08\/ict-forum-costa-rica-9.jpg 800w, https:\/\/latamred.com\/ictforumcostarica23\/wp-content\/uploads\/2023\/08\/ict-forum-costa-rica-9-300x225.jpg 300w, https:\/\/latamred.com\/ictforumcostarica23\/wp-content\/uploads\/2023\/08\/ict-forum-costa-rica-9-768x576.jpg 768w, https:\/\/latamred.com\/ictforumcostarica23\/wp-content\/uploads\/2023\/08\/ict-forum-costa-rica-9-600x450.jpg 600w\" sizes=\"(max-width: 800px) 100vw, 800px\" \/>\t\t\t\t\t\t\t\t\t\t\t\t\t\t\t<\/div>\n\t\t\t\t<\/div>\n\t\t\t\t<div class=\"elementor-element elementor-element-6e541e5 elementor-widget elementor-widget-image\" data-id=\"6e541e5\" data-element_type=\"widget\" data-widget_type=\"image.default\">\n\t\t\t\t<div class=\"elementor-widget-container\">\n\t\t\t\t\t\t\t\t\t\t\t\t\t\t\t<img decoding=\"async\" loading=\"lazy\" width=\"800\" height=\"600\" src=\"https:\/\/latamred.com\/ictforumcostarica23\/wp-content\/uploads\/2023\/08\/ict-forum-costa-rica-10.jpg\" class=\"attachment-large size-large wp-image-5160\" alt=\"\" srcset=\"https:\/\/latamred.com\/ictforumcostarica23\/wp-content\/uploads\/2023\/08\/ict-forum-costa-rica-10.jpg 800w, https:\/\/latamred.com\/ictforumcostarica23\/wp-content\/uploads\/2023\/08\/ict-forum-costa-rica-10-300x225.jpg 300w, https:\/\/latamred.com\/ictforumcostarica23\/wp-content\/uploads\/2023\/08\/ict-forum-costa-rica-10-768x576.jpg 768w, https:\/\/latamred.com\/ictforumcostarica23\/wp-content\/uploads\/2023\/08\/ict-forum-costa-rica-10-600x450.jpg 600w\" sizes=\"(max-width: 800px) 100vw, 800px\" \/>\t\t\t\t\t\t\t\t\t\t\t\t\t\t\t<\/div>\n\t\t\t\t<\/div>\n\t\t\t\t\t<\/div>\n\t\t<\/div>\n\t\t\t\t<div class=\"elementor-column elementor-col-50 elementor-top-column elementor-element elementor-element-bc8da62\" data-id=\"bc8da62\" data-element_type=\"column\">\n\t\t\t<div class=\"elementor-widget-wrap elementor-element-populated\">\n\t\t\t\t\t\t\t\t<div class=\"elementor-element elementor-element-2605799 elementor-widget elementor-widget-heading\" data-id=\"2605799\" data-element_type=\"widget\" data-widget_type=\"heading.default\">\n\t\t\t\t<div class=\"elementor-widget-container\">\n\t\t\t<h3 class=\"elementor-heading-title elementor-size-default\">El Registro al evento se ha cerrado<\/h3>\t\t<\/div>\n\t\t\t\t<\/div>\n\t\t\t\t<div class=\"elementor-element elementor-element-5ef0a7b elementor-widget elementor-widget-text-editor\" data-id=\"5ef0a7b\" data-element_type=\"widget\" data-widget_type=\"text-editor.default\">\n\t\t\t\t<div class=\"elementor-widget-container\">\n\t\t\t\t\t\t\t<p>Agradecemos a todos las personas que se suscribieron al <strong>ICT FORUM COSTA RICA 2023<\/strong>,\u00a0 esperamos tu participaci\u00f3n el pr\u00f3ximo mi\u00e9rcoles 8 de noviembre del 2023 en el <strong>Hotel Crowne Plaza Corobici, en San Jos\u00e9,\u00a0 Costa Rica,<\/strong> desde las 8:00 am y hasta las 6:00 p.m.<\/p>\t\t\t\t\t\t<\/div>\n\t\t\t\t<\/div>\n\t\t\t\t\t<\/div>\n\t\t<\/div>\n\t\t\t\t\t\t\t<\/div>\n\t\t<\/section>\n\t\t\t\t<section class=\"elementor-section elementor-top-section elementor-element elementor-element-211f95e elementor-hidden-desktop elementor-hidden-tablet elementor-hidden-mobile elementor-section-boxed elementor-section-height-default elementor-section-height-default\" data-id=\"211f95e\" data-element_type=\"section\" data-settings=\"{&quot;background_background&quot;:&quot;classic&quot;}\">\n\t\t\t\t\t\t<div class=\"elementor-container elementor-column-gap-default\">\n\t\t\t\t\t<div class=\"elementor-column elementor-col-50 elementor-top-column elementor-element elementor-element-29c0b60 elementor-hidden-mobile\" data-id=\"29c0b60\" data-element_type=\"column\">\n\t\t\t<div class=\"elementor-widget-wrap elementor-element-populated\">\n\t\t\t\t\t\t\t\t<div class=\"elementor-element elementor-element-1319b83 elementor-widget elementor-widget-image\" data-id=\"1319b83\" data-element_type=\"widget\" data-widget_type=\"image.default\">\n\t\t\t\t<div class=\"elementor-widget-container\">\n\t\t\t\t\t\t\t\t\t\t\t\t\t\t\t<img decoding=\"async\" loading=\"lazy\" width=\"800\" height=\"600\" src=\"https:\/\/latamred.com\/ictforumcostarica23\/wp-content\/uploads\/2023\/08\/ict-forum-costa-rica-9.jpg\" class=\"attachment-large size-large wp-image-5159\" alt=\"\" srcset=\"https:\/\/latamred.com\/ictforumcostarica23\/wp-content\/uploads\/2023\/08\/ict-forum-costa-rica-9.jpg 800w, https:\/\/latamred.com\/ictforumcostarica23\/wp-content\/uploads\/2023\/08\/ict-forum-costa-rica-9-300x225.jpg 300w, https:\/\/latamred.com\/ictforumcostarica23\/wp-content\/uploads\/2023\/08\/ict-forum-costa-rica-9-768x576.jpg 768w, https:\/\/latamred.com\/ictforumcostarica23\/wp-content\/uploads\/2023\/08\/ict-forum-costa-rica-9-600x450.jpg 600w\" sizes=\"(max-width: 800px) 100vw, 800px\" \/>\t\t\t\t\t\t\t\t\t\t\t\t\t\t\t<\/div>\n\t\t\t\t<\/div>\n\t\t\t\t<div class=\"elementor-element elementor-element-e3d4ffb elementor-widget elementor-widget-image\" data-id=\"e3d4ffb\" data-element_type=\"widget\" data-widget_type=\"image.default\">\n\t\t\t\t<div class=\"elementor-widget-container\">\n\t\t\t\t\t\t\t\t\t\t\t\t\t\t\t<img decoding=\"async\" loading=\"lazy\" width=\"800\" height=\"600\" src=\"https:\/\/latamred.com\/ictforumcostarica23\/wp-content\/uploads\/2023\/08\/ict-forum-costa-rica-10.jpg\" class=\"attachment-large size-large wp-image-5160\" alt=\"\" srcset=\"https:\/\/latamred.com\/ictforumcostarica23\/wp-content\/uploads\/2023\/08\/ict-forum-costa-rica-10.jpg 800w, https:\/\/latamred.com\/ictforumcostarica23\/wp-content\/uploads\/2023\/08\/ict-forum-costa-rica-10-300x225.jpg 300w, https:\/\/latamred.com\/ictforumcostarica23\/wp-content\/uploads\/2023\/08\/ict-forum-costa-rica-10-768x576.jpg 768w, https:\/\/latamred.com\/ictforumcostarica23\/wp-content\/uploads\/2023\/08\/ict-forum-costa-rica-10-600x450.jpg 600w\" sizes=\"(max-width: 800px) 100vw, 800px\" \/>\t\t\t\t\t\t\t\t\t\t\t\t\t\t\t<\/div>\n\t\t\t\t<\/div>\n\t\t\t\t\t<\/div>\n\t\t<\/div>\n\t\t\t\t<div class=\"elementor-column elementor-col-50 elementor-top-column elementor-element elementor-element-33e8258\" data-id=\"33e8258\" data-element_type=\"column\">\n\t\t\t<div class=\"elementor-widget-wrap elementor-element-populated\">\n\t\t\t\t\t\t\t\t<div class=\"elementor-element elementor-element-18cc499 elementor-widget elementor-widget-hubspot-form\" data-id=\"18cc499\" data-element_type=\"widget\" data-widget_type=\"hubspot-form.default\">\n\t\t\t\t<div class=\"elementor-widget-container\">\n\t\t\t\n\t\t\t\t\t<script>\n\t\t\t\t\t\twindow.hsFormsOnReady = window.hsFormsOnReady || [];\n\t\t\t\t\t\twindow.hsFormsOnReady.push(()=>{\n\t\t\t\t\t\t\thbspt.forms.create({\n\t\t\t\t\t\t\t\tportalId: 43686549,\n\t\t\t\t\t\t\t\tformId: \"1143e0cc-8267-4cac-a0b1-b5f9edb339f9\",\n\t\t\t\t\t\t\t\ttarget: \"#hbspt-form-1777703172000-3006707801\",\n\t\t\t\t\t\t\t\tregion: \"na1\",\n\t\t\t\t\t\t\t\t\n\t\t\t\t\t\t})});\n\t\t\t\t\t<\/script>\n\t\t\t\t\t<div class=\"hbspt-form\" id=\"hbspt-form-1777703172000-3006707801\"><\/div>\t\t<\/div>\n\t\t\t\t<\/div>\n\t\t\t\t\t<\/div>\n\t\t<\/div>\n\t\t\t\t\t\t\t<\/div>\n\t\t<\/section>\n\t\t\t\t<section class=\"elementor-section elementor-top-section elementor-element elementor-element-69e6aec7 elementor-section-stretched elementor-section-boxed elementor-section-height-default elementor-section-height-default\" data-id=\"69e6aec7\" data-element_type=\"section\" data-settings=\"{&quot;background_background&quot;:&quot;gradient&quot;,&quot;stretch_section&quot;:&quot;section-stretched&quot;}\">\n\t\t\t\t\t\t<div class=\"elementor-container elementor-column-gap-default\">\n\t\t\t\t\t<div class=\"elementor-column elementor-col-50 elementor-top-column elementor-element elementor-element-5f535033\" data-id=\"5f535033\" data-element_type=\"column\">\n\t\t\t<div class=\"elementor-widget-wrap elementor-element-populated\">\n\t\t\t\t\t\t\t\t<div class=\"elementor-element elementor-element-75363736 elementor-widget elementor-widget-image\" data-id=\"75363736\" data-element_type=\"widget\" data-widget_type=\"image.default\">\n\t\t\t\t<div class=\"elementor-widget-container\">\n\t\t\t\t\t\t\t\t\t\t\t\t\t\t\t<img decoding=\"async\" loading=\"lazy\" width=\"150\" height=\"76\" src=\"https:\/\/latamred.com\/ictforumcostarica23\/wp-content\/uploads\/2023\/08\/logo-bicsi-white-final-150w.png\" class=\"attachment-full size-full wp-image-5058\" alt=\"\" \/>\t\t\t\t\t\t\t\t\t\t\t\t\t\t\t<\/div>\n\t\t\t\t<\/div>\n\t\t\t\t<div class=\"elementor-element elementor-element-6bf68537 elementor-widget elementor-widget-text-editor\" data-id=\"6bf68537\" data-element_type=\"widget\" data-widget_type=\"text-editor.default\">\n\t\t\t\t<div class=\"elementor-widget-container\">\n\t\t\t\t\t\t\t<p><strong>BICSI,<\/strong> es una organizaci\u00f3n profesional sin \u00e1nimo de lucro con m\u00e1s de 40 a\u00f1os de trayectoria apoyando a la industria de las Tecnolog\u00edas de Informaci\u00f3n y Comunicaciones (TICs-), a trav\u00e9s de la educaci\u00f3n, planes de certificaci\u00f3n y credenciales para profesionales y normatividad.<\/p><p>Con presencia en m\u00e1s de 100 pa\u00edses, BICSI es integrada por m\u00e1s de 23.000 profesionales miembros (dise\u00f1adores, instaladores, t\u00e9cnicos e ingenieros), encargados de dise\u00f1ar la infraestructura para redes de telecomunicaciones.<\/p>\t\t\t\t\t\t<\/div>\n\t\t\t\t<\/div>\n\t\t\t\t\t<\/div>\n\t\t<\/div>\n\t\t\t\t<div class=\"elementor-column elementor-col-50 elementor-top-column elementor-element elementor-element-6ec92400\" data-id=\"6ec92400\" data-element_type=\"column\">\n\t\t\t<div class=\"elementor-widget-wrap elementor-element-populated\">\n\t\t\t\t\t\t\t\t<div class=\"elementor-element elementor-element-5b8b351f elementor-widget elementor-widget-image\" data-id=\"5b8b351f\" data-element_type=\"widget\" data-widget_type=\"image.default\">\n\t\t\t\t<div class=\"elementor-widget-container\">\n\t\t\t\t\t\t\t\t\t\t\t\t\t\t\t<img decoding=\"async\" loading=\"lazy\" width=\"246\" height=\"76\" src=\"https:\/\/latamred.com\/ictforumcostarica23\/wp-content\/uploads\/2023\/08\/logo-latamred-white-final-76h-2.png\" class=\"attachment-full size-full wp-image-5064\" alt=\"\" \/>\t\t\t\t\t\t\t\t\t\t\t\t\t\t\t<\/div>\n\t\t\t\t<\/div>\n\t\t\t\t<div class=\"elementor-element elementor-element-477c9891 elementor-widget elementor-widget-text-editor\" data-id=\"477c9891\" data-element_type=\"widget\" data-widget_type=\"text-editor.default\">\n\t\t\t\t<div class=\"elementor-widget-container\">\n\t\t\t\t\t\t\t<p><strong>LATAM RED<\/strong>\u00a0es un proveedor especialista en servicios en Tecnolog\u00edas de Informaci\u00f3n y Comunicaciones (TICs) dentro de los cuales ofrece Capacitaciones, Entrenamientos, Consultor\u00eda, Dise\u00f1o, Evaluaci\u00f3n, Auditor\u00eda y Comisionamiento, con presencia en toda Latino Am\u00e9rica. Es partner autorizado por BICSI para realizar los pr\u00f3ximos eventos en la regi\u00f3n.<\/p>\t\t\t\t\t\t<\/div>\n\t\t\t\t<\/div>\n\t\t\t\t\t<\/div>\n\t\t<\/div>\n\t\t\t\t\t\t\t<\/div>\n\t\t<\/section>\n\t\t\t\t\t\t\t<\/div>\n\t\t","protected":false},"excerpt":{"rendered":"<p>Latam Red, tendr\u00e1 el privilegio de poder presentar a todos los asistentes con el aval de BICSI los \u00faltimos desarrollos de la industria y las \u00faltimas tendencias en Tecnolog\u00edas de Informaci\u00f3n y Comunicaciones (TICs) para Latinom\u00e9rica. Complete los siguientes campos para continuar con su registro: El Registro al evento se ha cerrado Agradecemos a todos &hellip;<\/p>\n<p class=\"read-more\"> <a class=\"\" href=\"https:\/\/latamred.com\/ictforumcostarica23\/registro\/\"> <span class=\"screen-reader-text\">Registro<\/span> Read More &raquo;<\/a><\/p>\n","protected":false},"author":1,"featured_media":0,"parent":0,"menu_order":0,"comment_status":"closed","ping_status":"closed","template":"","meta":{"content-type":"","site-sidebar-layout":"no-sidebar","site-content-layout":"page-builder","ast-site-content-layout":"full-width-container","site-content-style":"default","site-sidebar-style":"default","ast-global-header-display":"","ast-banner-title-visibility":"","ast-main-header-display":"","ast-hfb-above-header-display":"","ast-hfb-below-header-display":"","ast-hfb-mobile-header-display":"","site-post-title":"disabled","ast-breadcrumbs-content":"","ast-featured-img":"disabled","footer-sml-layout":"","theme-transparent-header-meta":"","adv-header-id-meta":"","stick-header-meta":"","header-above-stick-meta":"","header-main-stick-meta":"","header-below-stick-meta":"","astra-migrate-meta-layouts":"set","footnotes":""},"_links":{"self":[{"href":"https:\/\/latamred.com\/ictforumcostarica23\/wp-json\/wp\/v2\/pages\/4849"}],"collection":[{"href":"https:\/\/latamred.com\/ictforumcostarica23\/wp-json\/wp\/v2\/pages"}],"about":[{"href":"https:\/\/latamred.com\/ictforumcostarica23\/wp-json\/wp\/v2\/types\/page"}],"author":[{"embeddable":true,"href":"https:\/\/latamred.com\/ictforumcostarica23\/wp-json\/wp\/v2\/users\/1"}],"replies":[{"embeddable":true,"href":"https:\/\/latamred.com\/ictforumcostarica23\/wp-json\/wp\/v2\/comments?post=4849"}],"version-history":[{"count":98,"href":"https:\/\/latamred.com\/ictforumcostarica23\/wp-json\/wp\/v2\/pages\/4849\/revisions"}],"predecessor-version":[{"id":5387,"href":"https:\/\/latamred.com\/ictforumcostarica23\/wp-json\/wp\/v2\/pages\/4849\/revisions\/5387"}],"wp:attachment":[{"href":"https:\/\/latamred.com\/ictforumcostarica23\/wp-json\/wp\/v2\/media?parent=4849"}],"curies":[{"name":"wp","href":"https:\/\/api.w.org\/{rel}","templated":true}]}}